{"id":2606,"date":"2021-09-02T06:36:00","date_gmt":"2021-09-02T09:36:00","guid":{"rendered":"https:\/\/sursurmercociudades.org\/?page_id=2606"},"modified":"2025-12-16T13:50:43","modified_gmt":"2025-12-16T16:50:43","slug":"proyectos-co-financiados","status":"publish","type":"page","link":"https:\/\/sursurmercociudades.org\/pt-br\/proyectos-co-financiados\/","title":{"rendered":"Projectos Co-financiados"},"content":{"rendered":"  <div id=\"page-header-512249535\" class=\"page-header-wrapper\">\n  <div class=\"page-title dark featured-title\">\n\n    \n    <div class=\"page-title-inner container align-center flex-row medium-flex-wrap\" >\n              <div class=\"title-wrapper flex-col text-left medium-text-center\">\n          <h1 class=\"entry-title mb-0\">\n            Projetos Co-financiados          <\/h1>\n        <\/div>\n                    <div class=\"title-content flex-col flex-right text-right medium-text-center\">\n        <div class=\"title-breadcrumbs pb-half pt-half\"><\/div>      <\/div>\n    <\/div>\n\n       <\/div>\n    <\/div>\n  \n<div class=\"row\"  id=\"row-937541338\">\n\n\t<div id=\"col-1044166216\" class=\"col medium-3 small-12 large-3\"  >\n\t\t\t\t<div class=\"col-inner\"  >\n\t\t\t\n\t\t\t\n\t<div class=\"ux-menu stack stack-col justify-start ux-menu--divider-solid\">\n\t\t\n\t<div class=\"ux-menu-link flex menu-item\">\n\t\t<a class=\"ux-menu-link__link flex\" href=\"https:\/\/sursurmercociudades.org\/informes\/\" >\n\t\t\t\t\t\t<span class=\"ux-menu-link__text\">\n\t\t\t\tINFORMES\t\t\t<\/span>\n\t\t<\/a>\n\t<\/div>\n\t\n\t<div class=\"ux-menu-link flex menu-item\">\n\t\t<a class=\"ux-menu-link__link flex\" href=\"https:\/\/sursurmercociudades.org\/proyectos-cofinanciados\/\" >\n\t\t\t\t\t\t<span class=\"ux-menu-link__text\">\n\t\t\t\tPROYECTOS CO-FINANCIADOS\t\t\t<\/span>\n\t\t<\/a>\n\t<\/div>\n\t\n\t<div class=\"ux-menu-link flex menu-item\">\n\t\t<a class=\"ux-menu-link__link flex\" href=\"https:\/\/sursurmercociudades.org\/mapa-de-proyectos\/\" >\n\t\t\t\t\t\t<span class=\"ux-menu-link__text\">\n\t\t\t\tMAPA DE PROYECTO\t\t\t<\/span>\n\t\t<\/a>\n\t<\/div>\n\t\n\t<\/div>\n\t\n\t\t<\/div>\n\t\t\t\t\t<\/div>\n\n\t\n\n\t<div id=\"col-24984814\" class=\"col medium-9 small-12 large-9\"  >\n\t\t\t\t<div class=\"col-inner\"  >\n\t\t\t\n\t\t\t\n<div class=\"row\"  id=\"row-460158383\">\n\n\t<div id=\"col-283053609\" class=\"col small-12 large-12\"  >\n\t\t\t\t<div class=\"col-inner text-center\"  >\n\t\t\t\n\t\t\t\n\t<div id=\"text-3705715051\" class=\"text\">\n\t\t\n<p class=\"rtejustify\">Acesse abaixo os relat\u00f3rios de cada projeto cofinanciado pelo programa Sul Sul, desde sua cria\u00e7\u00e3o em 2017. Tamb\u00e9m est\u00e3o dispon\u00edveis as actas de compromisso assinados pelas mais altas autoridades de pelo menos um governo local envolvido.<\/p>\n<p><img loading=\"lazy\" decoding=\"async\" class=\"size-full wp-image-1038 aligncenter\" src=\"https:\/\/sursurmercociudades.org\/wp-content\/uploads\/2021\/07\/cooperacion.jpg\" alt=\"\" width=\"480\" height=\"270\" \/> <strong>CANDIDATURAS 2017<\/strong><\/p>\n<ul>\n<li class=\"rtejustify\">&#8220;Refor\u00e7o da cultura empresarial local e da rede s\u00f3cio-produtiva&#8221;, coordenando a cidade de Santa Fe (Arg) em associa\u00e7\u00e3o com a cidade de Medell\u00edn (Co) &#8211; <a href=\"https:\/\/www.sursurmercociudades.org\/sursur\/sites\/default\/files\/Acta%20de%20compromiso%20Proyecto%20_Fortalecimiento%20de%20la%20cultura%20emprendedora%20local%20y%20del%20entramado%20socio%20productivo_.jpg\">Ata de Compromisso<\/a>.<\/li>\n<li class=\"rtejustify\">&#8220;Coopera\u00e7\u00e3o em Governo Aberto, C\u00f3rdoba &#8211; S\u00e3o Paulo&#8221;, cidade coordenadora C\u00f3rdoba (Arg) em associa\u00e7\u00e3o com a cidade de S\u00e3o Paulo (Br) &#8211;<a href=\"https:\/\/www.sursurmercociudades.org\/sursur\/sites\/default\/files\/Acta%20de%20compromiso%20Proyecto%20_Gobierno%20Abierto%20C%C3%B3rdoba-San%20Pablo_.jpg\"> Ata de Compromisso<\/a>.<\/li>\n<li class=\"rtejustify\">&#8220;Mulheres com defici\u00eancia: ferramentas para o seu empoderamento e participa\u00e7\u00e3o&#8221;, cidade coordenadora Montevideu, em associa\u00e7\u00e3o com a cidade de Canelones (Uy) &#8211; <a href=\"https:\/\/www.sursurmercociudades.org\/sursur\/sites\/default\/files\/Acta%20de%20compromiso%20Proyecto%20_mujeres%20en%20situaci%C3%B3n%20de%20discapacidad..._.jpg\">Ata de Compromisso<\/a>.<\/li>\n<\/ul>\n<p class=\"rtejustify\"><strong>CANDIDATURAS 2018<\/strong><\/p>\n<ul>\n<li class=\"rtejustify\">&#8220;Aten\u00e7\u00e3o integral e primeira inf\u00e2ncia: pol\u00edticas p\u00fablicas para as crian\u00e7as em Medell\u00edn e San Justo&#8221;, cidade coordenadora San Justo (Arg) em associa\u00e7\u00e3o com Medell\u00edn (Co) &#8211; <a href=\"https:\/\/www.sursurmercociudades.org\/sursur\/sites\/default\/files\/Acta_%20Atenci%C3%B3n%20Integral%20y%20Primeras%20Infancias-San%20Justo-Medell%C3%ADn.pdf\">Ata de Compromisso<\/a>.<\/li>\n<li class=\"rtejustify\">&#8220;Rumo a um Munic\u00edpio Intercultural&#8221;, cidade coordenadora Montevideo (Uy). &#8211; <a href=\"https:\/\/www.sursurmercociudades.org\/sursur\/sites\/default\/files\/Acta%20Proyecto%20Hacia%20un%20Municipio%20Intercultural.png\">Ata de Compromisso<\/a>.<\/li>\n<li class=\"rtejustify\">&#8220;Ilha de calor urbana: impacto nas pol\u00edticas de planeamento e desenho urbano. Oportunidades de adapta\u00e7\u00e3o e mitiga\u00e7\u00e3o das altera\u00e7\u00f5es clim\u00e1ticas&#8221;. Cidade coordenadora Ros\u00e1rio (Arg), em associa\u00e7\u00e3o com Reconquista e Concepci\u00f3n (Arg), a Universidade Nacional de Rosario e o Centro de Engenheiros de Ros\u00e1rio. &#8211; <a href=\"https:\/\/www.sursurmercociudades.org\/sursur\/sites\/default\/files\/Acta%20de%20compromiso%20Proyecto%20_Isla%20de%20calor%20urbano..._.png\">Ata de Compromisso<\/a>.<\/li>\n<li class=\"rtejustify\">&#8220;\u00c1reas Metropolitanas: desafios para a sua consolida\u00e7\u00e3o num quadro de governa\u00e7\u00e3o&#8221;, cidade coordenadora Santa Fe (Arg) em associa\u00e7\u00e3o com as cidades de C\u00f3rdoba, Tandil, Avellaneda e a Universidad Nacional del Litoral (Arg). &#8211; <a href=\"https:\/\/sursurmercociudades.org\/wp-content\/uploads\/2022\/12\/Acta-Areas-Metropolitanas-firmada-por-Mestre-Presidente-Mercociudades-2018.pdf\">Ata de compromisso<\/a>.<\/li>\n<li class=\"rtejustify\">Rumo a um plano de juventude Mercociudades com uma perspectiva de g\u00eanero&#8221;, desenvolvido conjuntamente pelas unidades tem\u00e1ticas de Juventude e G\u00eanero e Munic\u00edpio de Mercociudades, coordenadas pelas cidades Santa Fe e Quilmes (Arg) &#8211; <a href=\"https:\/\/www.sursurmercociudades.org\/sursur\/sites\/default\/files\/Acta_%20Atenci%C3%B3n%20Integral%20y%20Primeras%20Infancias-San%20Justo-Medell%C3%ADn.pdf\">Ata de Compromisso<\/a>.<\/li>\n<\/ul>\n<p class=\"rtejustify\"><strong>CANDIDATURAS 2019<\/strong><\/p>\n<ul>\n<li class=\"rtejustify\">\u201cMelhoramento da habita\u00e7\u00e3o social: uma alternativa da economia circular&#8221;, coordenado pela cidade de Tandil (Arg) em associa\u00e7\u00e3o com Montevid\u00e9u (Uy). &#8211; <a href=\"https:\/\/sursurmercociudades.org\/wp-content\/uploads\/2022\/12\/Acta-compromiso-Mejoramiento-viviendas-sociales-Tandil-Montevideo-2019.pdf\">Ata de compromisso.<\/a><\/li>\n<li class=\"rtejustify\">\u201cConex\u00e3o Cultural: S\u00e3o Leopoldo e Canelones&#8221;, coordenado pela cidade de S\u00e3o Leopoldo (Br) em associa\u00e7\u00e3o com Canelones (Uy). &#8211; <a href=\"https:\/\/sursurmercociudades.org\/wp-content\/uploads\/2022\/12\/Acta-compromiso-Conexao-Cultural_-Sao-Leopoldo-y-Canelones-2019.pdf\">Ata de compromisso.<\/a><\/li>\n<li class=\"rtejustify\">\u201cExperiencia de Intercambio y Cooperaci\u00f3n T\u00e9cnico-Cultural&#8221;, coordenado pela cidade de General Alvear (Arg) em associa\u00e7\u00e3o com a cidde de Riobamba (Ec) e a Escuela Superior Polit\u00e9cnica de Chimborazo (Ec).- <a href=\"https:\/\/sursurmercociudades.org\/wp-content\/uploads\/2022\/12\/Acta-compromiso-Experiencia-de-Intercambio-y-Cooperacion-Tecnico-Cultural-General-Alvear-y-Riobamba.pdf\">Ata de compromisso<\/a>.<\/li>\n<\/ul>\n<p class=\"rtejustify\"><strong>CANDIDATURAS 2020<\/strong><\/p>\n<ul>\n<li class=\"rtejustify\">\u201cMulheres na cidade: ferramentas para refletir e desenhar o espa\u00e7o p\u00fablico a partir de uma perspectiva interseccional de g\u00eanero&#8221;, coordenado pela cidade de Santa Fe (Arg) em associa\u00e7\u00e3o com Asun\u00e7\u00e3o (Py). &#8211; <a href=\"https:\/\/sursurmercociudades.org\/wp-content\/uploads\/2022\/12\/Acta-y-Anexos-firmados-Proyecto-Sur-Sur-_Mujeres-en-la-ciudad-2020_.pdf\">Ata de compromisso.<\/a><\/li>\n<li class=\"rtejustify\">\u201cRedu\u00e7\u00e3o das desigualdades com foco na integra\u00e7\u00e3o das perspectivas do territ\u00f3rio, g\u00e9nero e ra\u00e7a\/etnia nas pol\u00edticas p\u00fablicas&#8221;, coordenado pela cidade de S\u00e3o Paulo (Br), em associa\u00e7\u00e3o com as cidades de La Paz (Bo), Niter\u00f3i (Br) e Buenos Aires (Arg). <a href=\"https:\/\/sursurmercociudades.org\/wp-content\/uploads\/2022\/12\/Acta-de-compromiso-sur-sur-firmada-por-Sao-Paulo.pdf\">Ata de compromisso<\/a><\/li>\n<li class=\"rtejustify\">\u201cAcesso \u00e0 comunica\u00e7\u00e3o no paradigma social da defici\u00eancia&#8221;, coordenado pela cidade de Montevideo (Uy) em associa\u00e7\u00e3o com as cidades de Villa Carlos Paz e Santa Fe (Arg), La Paz (Bo) y as organizaciones sociais argentinas ALAPA e M\u00edrame Bien. &#8211; <a href=\"https:\/\/sursurmercociudades.org\/wp-content\/uploads\/2022\/12\/El-acceso-a-la-comunicacion_coordinaMVD_2020.pdf\">Ata de compromisso.<\/a><\/li>\n<li class=\"rtejustify\">\u201cConstru\u00e7\u00e3o de cidades sustent\u00e1veis: revaloriza\u00e7\u00e3o e planifica\u00e7\u00e3o de espa\u00e7os p\u00fablicos numa perspectiva inclusiva&#8221;, coordenado pela cidade de Avellaneda (Arg) em associa\u00e7\u00e3o com a cidade de Canelones (Uy). <a href=\"https:\/\/sursurmercociudades.org\/wp-content\/uploads\/2022\/12\/PCSSM_Avellaneda_2020.pdf\">&#8211; Ata de compromisso.<\/a><\/li>\n<\/ul>\n<p><strong>CANDIDATURAS 2021<\/strong><\/p>\n<ul>\n<li>\u201cCidade Digital 2022\u201d, coordenado pela prefeitura de Esteban Echeverr\u00eda (Arg), em associa\u00e7\u00e3o com S\u00e3o Leopoldo (Br). &#8211; <a href=\"https:\/\/sursurmercociudades.org\/wp-content\/uploads\/2022\/12\/Acta-y-anexos-firmados-proyecto-Ciudad-Digital-2021-EE.pdf\">Ata de conpromisso.<\/a><\/li>\n<li>\u201cNovos ares para crian\u00e7as\u201d, coordenado pela cidade de Lima (Peru), em associa\u00e7\u00e3o com as cidades de Montevid\u00e9u (Uy) e Valle de Aburr\u00e1 (Col).<\/li>\n<\/ul>\n<p class=\"rtejustify\"><strong>CANDIDATURAS 2022<\/strong><\/p>\n<ul>\n<li>\u201cEconomia Social: fortalecimento de pol\u00edticas p\u00fablicas com mulheres emprendedoras das feiras\u201d, coordenado pela prefeitura de Santa Fe (Arg), em associa\u00e7\u00e3o com as cidades de Montevid\u00e9u (Uy) e Rosario (Arg). &#8211; <a href=\"https:\/\/sursurmercociudades.org\/wp-content\/uploads\/2022\/12\/Acta-compromiso-Economia-Social-Santa-Fe-2022.pdf\">Ata de compromisso<\/a>.<\/li>\n<li>\u201cServi\u00e7os tur\u00edsticos regionais acess\u00edveis. Sistema de coleta, reposit\u00f3rio e divulga\u00e7\u00e3o de servi\u00e7os tur\u00edsticos acess\u00edveis de Mercociudades\u201d, coordenado pela cidade de Canelones (Uy), em associa\u00e7\u00e3o com as cidades de Villa Carlos Paz e Santa Fe (Arg). &#8211; <a href=\"https:\/\/sursurmercociudades.org\/wp-content\/uploads\/2022\/12\/Acta-firmadaServicios-turisticos-accesibles-Canelones-2022.pdf\">Ata de compromisso.<\/a><\/li>\n<li>\u201cMulheres do Rio da Prata semeando o futuro\u201d, coordenado pela cidade de Quilmes (Arg), em associa\u00e7\u00e3o com a cidade de Canelones (Uy), FLACSO Uruguai e a Universidade Nacional de Quilmes. &#8211; Ata de compromisso. &#8211; <a href=\"https:\/\/sursurmercociudades.org\/wp-content\/uploads\/2022\/12\/Acta-compromiso-Mujeres-Rioplatenses-firmada-2022.pdf\">Ata de compromisso<\/a>.<\/li>\n<\/ul>\n<p><strong>CANDIDATURAS 2023<br \/>\n<\/strong><\/p>\n<ul>\n<li>\u201cDesafiando os estere\u00f3tipos de g\u00eanero para um desenvolvimento econ\u00f4mico produtivo com equidade\u201d, coordenado pelas cidades de Pe\u00f1alol\u00e9n (Ch) e Cerro Largo (Uy).. &#8211; <a href=\"https:\/\/sursurmercociudades.org\/wp-content\/uploads\/2024\/10\/ACTA-DE-COMPROMISO-firmada-Penalolen-Cerro-Largo.pdf\">Ata de compromisso.<\/a><\/li>\n<li>\u201cPromo\u00e7\u00e3o de territ\u00f3rios de cuidado\u201d, coordenado pelas cidades de Quilpu\u00e9 (Ch) e Santa Fe (Arg). &#8211; <a href=\"https:\/\/sursurmercociudades.org\/wp-content\/uploads\/2024\/10\/ACTA_Compromiso-Proyecto-Convocatoria-Anual-2023-Proyecto-Quilpue-Santa-Fe-firmada-por-Mercociudades-y-Quilpue.pdf\">Ata de compromisso.<\/a><\/li>\n<li>\u201cDesenvolvimento e avalia\u00e7\u00e3o de um aplicativo web para a prote\u00e7\u00e3o e redu\u00e7\u00e3o de danos de jovens usu\u00e1rios de subst\u00e2ncias psicoativas nas cidades de Montevid\u00e9u e C\u00f3rdoba\u201d, coordenado pelas cidades de Montevid\u00e9u (Uy), C\u00f3rdoba (Arg) e a Universidade Nacional de C\u00f3rdoba. &#8211; <a href=\"https:\/\/sursurmercociudades.org\/wp-content\/uploads\/2024\/10\/Acta-firmada-completa-Cordoba-Montevideo-UNC.pdf\">Ata de compromisso<\/a>.<\/li>\n<\/ul>\n<p><strong>CANDIDATURAS 2024<br \/>\n<\/strong><\/p>\n<ul>\n<li>\u201cAlian\u00e7a multissetorial e multin\u00edvel para a gera\u00e7\u00e3o de capacidades t\u00e9cnicas em financiamento clim\u00e1tico no \u00e2mbito de Mercociudades\u201d, coordenadoi pela cidade de Ros\u00e1rio (Argentina), em parceria com a cidade de Canelones (Uruguai) e o Minist\u00e9rio do Meio Ambiente e Mudan\u00e7as Clim\u00e1ticas da Prov\u00edncia de Santa F\u00e9, Argentina. &#8211; <a href=\"https:\/\/sursurmercociudades.org\/wp-content\/uploads\/2024\/12\/ActaCompromiso2024_Rosario_Arg.pdf\">Ata de compromisso<\/a><\/li>\n<li>\u201cHabitats Sustent\u00e1veis: Promovendo o cooperativismo habitacional para construir cidades inclusivas\u201d, coordenado pela cidade de Montevid\u00e9u (Uruguai), em parceria com a cidade de Valpara\u00edso (Chile), o Centro Cooperativista Uruguayo, a Cooperativa de Trabajo KINCHA e a Federaci\u00f3n de Cooperativas de Vivienda por Ayuda Mutua. &#8211; <a href=\"https:\/\/sursurmercociudades.org\/wp-content\/uploads\/2024\/12\/ActaCompromiso2024_Montevideo.pdf\">Ata de compromisso<\/a><\/li>\n<li>\u201cCidades-farol para o desenvolvimento sustent\u00e1vel\u201d, coordenado pela cidade de Santa F\u00e9 (Argentina), em parceria com a cidade de Montevid\u00e9u (Uruguai) e a Universidad Nacional del Litoral (Argentina). &#8211;<a href=\"https:\/\/sursurmercociudades.org\/wp-content\/uploads\/2024\/12\/ActaCompromiso_2024_SantaFe.pdf\"> Ata de compromisso<\/a><\/li>\n<\/ul>\n<p><strong>CANDIDATURAS 2025<br \/>\n<\/strong><\/p>\n<ul>\n<li>\u201cMulheres protagonistas: bioconstru\u00e7\u00e3o, energia solar e economia circular com perspectiva de g\u00eanero\u201d, coordenado pelo governo local de Despe\u00f1aderos, Argentina, em parceria com o departamento de Canelones, Uruguai, e a Universidade Nacional de Ros\u00e1rio, Argentina. &#8211; <a href=\"https:\/\/sursurmercociudades.org\/wp-content\/uploads\/2025\/12\/Acta-proyecto-Despenaderos-Canelones-2025.pdf\">Ata de compromisso<\/a><\/li>\n<li>\u201cConstruindo cidades seguras: fundamentos para a gera\u00e7\u00e3o de pol\u00edticas p\u00fablicas de seguran\u00e7a com perspectiva de g\u00eanero\u201d, coordenado pela cidade de Valpara\u00edso (Chile), em parceria com o munic\u00edpio de Niter\u00f3i (Brasil). &#8211; <a href=\"https:\/\/sursurmercociudades.org\/wp-content\/uploads\/2025\/12\/Acta-firmada-proyecto-ciudades-seguras-Vaparaiso-Niteroi.pdf\">Ata de compromisso<\/a><\/li>\n<li>\u201cDesenvolvimentos produtivos sustent\u00e1veis baseados na economia circular. Troca de experi\u00eancias entre Santa F\u00e9 e Porto Alegre\u201d, coordenado pela cidade de Santa F\u00e9 (Argentina) em parceria com a Prefeitura de Porto Alegre (Brasil). &#8211; <a href=\"https:\/\/sursurmercociudades.org\/wp-content\/uploads\/2025\/12\/Acta-firmada-proyecto-Santa-Fe-2025.pdf\">Ata de compromisso<\/a><\/li>\n<\/ul>\n\t\t\n<style>\n#text-3705715051 {\n  text-align: left;\n}\n<\/style>\n\t<\/div>\n\t\n\t\t<\/div>\n\t\t\t\t\t<\/div>\n\n\t\n<\/div>\n\t\t<\/div>\n\t\t\t\t\t<\/div>\n\n\t\n\n<style>\n#row-937541338 > .col > .col-inner {\n  padding: 10px 0px 0px 0px;\n}\n<\/style>\n<\/div>\n","protected":false},"excerpt":{"rendered":"","protected":false},"author":804,"featured_media":0,"parent":0,"menu_order":0,"comment_status":"closed","ping_status":"closed","template":"page-blank.php","meta":{"footnotes":""},"class_list":["post-2606","page","type-page","status-publish","hentry"],"_links":{"self":[{"href":"https:\/\/sursurmercociudades.org\/pt-br\/wp-json\/wp\/v2\/pages\/2606","targetHints":{"allow":["GET"]}}],"collection":[{"href":"https:\/\/sursurmercociudades.org\/pt-br\/wp-json\/wp\/v2\/pages"}],"about":[{"href":"https:\/\/sursurmercociudades.org\/pt-br\/wp-json\/wp\/v2\/types\/page"}],"author":[{"embeddable":true,"href":"https:\/\/sursurmercociudades.org\/pt-br\/wp-json\/wp\/v2\/users\/804"}],"replies":[{"embeddable":true,"href":"https:\/\/sursurmercociudades.org\/pt-br\/wp-json\/wp\/v2\/comments?post=2606"}],"version-history":[{"count":21,"href":"https:\/\/sursurmercociudades.org\/pt-br\/wp-json\/wp\/v2\/pages\/2606\/revisions"}],"predecessor-version":[{"id":13664,"href":"https:\/\/sursurmercociudades.org\/pt-br\/wp-json\/wp\/v2\/pages\/2606\/revisions\/13664"}],"wp:attachment":[{"href":"https:\/\/sursurmercociudades.org\/pt-br\/wp-json\/wp\/v2\/media?parent=2606"}],"curies":[{"name":"wp","href":"https:\/\/api.w.org\/{rel}","templated":true}]}}